{"id":966,"date":"2022-02-06T17:08:50","date_gmt":"2022-02-06T16:08:50","guid":{"rendered":"http:\/\/www.pikniknauki.ur.edu.pl\/?page_id=966"},"modified":"2022-08-11T10:26:54","modified_gmt":"2022-08-11T08:26:54","slug":"pne-2022","status":"publish","type":"page","link":"https:\/\/www.pikniknauki.ur.edu.pl\/index.php\/historia-2010-2021\/pne-2022\/","title":{"rendered":"PNE 2022"},"content":{"rendered":"\n<figure class=\"wp-block-image\"><img loading=\"lazy\" decoding=\"async\" width=\"2363\" height=\"555\" src=\"https:\/\/www.pikniknauki.ur.edu.pl\/wp-content\/uploads\/2022\/03\/nag\u0142owek-PNE2022.jpg\" alt=\"\" class=\"wp-image-1076\" srcset=\"https:\/\/www.pikniknauki.ur.edu.pl\/wp-content\/uploads\/2022\/03\/nag\u0142owek-PNE2022.jpg 2363w, https:\/\/www.pikniknauki.ur.edu.pl\/wp-content\/uploads\/2022\/03\/nag\u0142owek-PNE2022-300x70.jpg 300w, https:\/\/www.pikniknauki.ur.edu.pl\/wp-content\/uploads\/2022\/03\/nag\u0142owek-PNE2022-768x180.jpg 768w, https:\/\/www.pikniknauki.ur.edu.pl\/wp-content\/uploads\/2022\/03\/nag\u0142owek-PNE2022-1024x241.jpg 1024w, https:\/\/www.pikniknauki.ur.edu.pl\/wp-content\/uploads\/2022\/03\/nag\u0142owek-PNE2022-960x225.jpg 960w\" sizes=\"auto, (max-width: 2363px) 100vw, 2363px\" \/><\/figure>\n\n\n\n<p class=\"has-text-align-center\"><\/p>\n\n\n\n<p>Piknik Nauki <strong><span style=\"color: #ff0000;\">EKSPLORACJE<\/span> 2022<\/strong> to kolejne ju\u017c w dwunastoletniej historii rzeszowskich piknik\u00f3w naukowych wyj\u0105tkowe wydarzenie, kt\u00f3rego celem jest popularyzacja nauki w formie atrakcyjnych pokaz\u00f3w, intryguj\u0105cych warsztat\u00f3w i prezentacji.<br>Piknik Nauki <strong><span style=\"color: #ff0000;\">EKSPLORACJE<\/span> 2022<\/strong> odbywa\u0142 si\u0119 od 17 do 22 maja w kilku lokalizacjach w Rzeszowie. Wydarzenie sk\u0142ada\u0142o si\u0119 z pi\u0119ciu cz\u0119\u015bci: \u201e<em><strong>Preludium<\/strong><\/em>\u201d, b\u0119d\u0105cego uroczyst\u0105 inauguracj\u0105 Pikniku i \u201e<em><strong>Muzycznego Czwartku<\/strong><\/em>\u201d w formie musicalu o \u017cyciu Ignacego \u0141ukasiewicza, kt\u00f3re odby\u0142y si\u0119 w Wojew\u00f3dzkim Domu Kultury w Rzeszowie, dw\u00f3ch cz\u0119\u015bci tematycznych pod nazwami \u201e<em><strong>Lotniczy Pi\u0105tek<\/strong><\/em>\u201d i \u201e<em><strong>Medyczna Niedziela<\/strong><\/em>\u201d w budynkach uczelni: Politechniki Rzeszowskiej im. \u0141ukasiewicza i Uniwersytetu Rzeszowskiego oraz g\u0142\u00f3wnej interdyscyplinarnej cz\u0119\u015bci pod nazw\u0105 \u201e<em><strong>Sobota Pe\u0142na Wra\u017ce\u0144<\/strong><\/em>\u201d w namiotowym miasteczku w pobli\u017cu fontanny multimedialnej i zamku.<br>Wszystkie zrealizowane przez pi\u0119\u0107 dni dzia\u0142ania podj\u0119te w ramach wydarzenia trwa\u0142y \u0142\u0105cznie 17 godzin. Na potrzeby Pikniku zbudowano w centrum miasta namiotowe miasteczko nauki o powierzchni ponad 1200 m.kw. \u201epod dachem\u201d. Pokazami, warsztatami i wyk\u0142adami zajmowa\u0142o si\u0119 ponad 450 edukator\u00f3w, wyk\u0142adowc\u00f3w, animator\u00f3w, nauczycieli, student\u00f3w, uczni\u00f3w oraz wolontariuszy z 83 instytucji i organizacji z regionu, Polski i z zagranicy. Na rzecz Pikniku przez wiele dni pracowa\u0142o tak\u017ce kilkadziesi\u0105t os\u00f3b s\u0142u\u017cb technicznych, informacyjnych, obs\u0142uguj\u0105cych wydarzenie i jego realizacj\u0119. Efekt by\u0142 ol\u015bniewaj\u0105cy za\u015b Piknik by\u0142 najwi\u0119kszym tego typu wydarzeniem w historii miasta.<\/p>\n\n\n\n<div class=\"wp-block-buttons is-content-justification-center is-layout-flex wp-container-core-buttons-is-layout-16018d1d wp-block-buttons-is-layout-flex\">\n<div class=\"wp-block-button is-style-outline is-style-outline--1\"><a class=\"wp-block-button__link\" href=\"https:\/\/www.pikniknauki.ur.edu.pl\/index.php\/pne-2022\/lista-uczestnikow-pne-2022\/\"><strong>Lista Uczestnik\u00f3w PNE 2022<\/strong><\/a><\/div>\n<\/div>\n\n\n\n<p><\/p>\n\n\n\n<h3 class=\"has-text-align-center wp-block-heading\"><span style=\"color: #000000;\">Zobacz co wydarzy\u0142o si\u0119 w ka\u017cdym z dni podczas PNE 2022<\/span><\/h3>\n\n\n<div class=\"wp-block-image\">\n<figure class=\"aligncenter\"><a href=\"https:\/\/www.pikniknauki.ur.edu.pl\/index.php\/pne-2022\/preludium_pne2022\/\"><img loading=\"lazy\" decoding=\"async\" width=\"1024\" height=\"161\" src=\"https:\/\/www.pikniknauki.ur.edu.pl\/wp-content\/uploads\/2022\/07\/Preludium-1024x161.jpg\" alt=\"\" class=\"wp-image-1170\" srcset=\"https:\/\/www.pikniknauki.ur.edu.pl\/wp-content\/uploads\/2022\/07\/Preludium-1024x161.jpg 1024w, https:\/\/www.pikniknauki.ur.edu.pl\/wp-content\/uploads\/2022\/07\/Preludium-300x47.jpg 300w, https:\/\/www.pikniknauki.ur.edu.pl\/wp-content\/uploads\/2022\/07\/Preludium-768x121.jpg 768w, https:\/\/www.pikniknauki.ur.edu.pl\/wp-content\/uploads\/2022\/07\/Preludium-1536x242.jpg 1536w, https:\/\/www.pikniknauki.ur.edu.pl\/wp-content\/uploads\/2022\/07\/Preludium-2048x323.jpg 2048w, https:\/\/www.pikniknauki.ur.edu.pl\/wp-content\/uploads\/2022\/07\/Preludium-960x151.jpg 960w\" sizes=\"auto, (max-width: 1024px) 100vw, 1024px\" \/><\/a><\/figure>\n<\/div>\n\n<div class=\"wp-block-image\">\n<figure class=\"aligncenter\"><a href=\"https:\/\/www.pikniknauki.ur.edu.pl\/index.php\/muzyczny-czwartek\/\"><img loading=\"lazy\" decoding=\"async\" width=\"1024\" height=\"155\" src=\"https:\/\/www.pikniknauki.ur.edu.pl\/wp-content\/uploads\/2022\/07\/muzyczny-czwartek-1024x155.jpg\" alt=\"\" class=\"wp-image-1169\" srcset=\"https:\/\/www.pikniknauki.ur.edu.pl\/wp-content\/uploads\/2022\/07\/muzyczny-czwartek-1024x155.jpg 1024w, https:\/\/www.pikniknauki.ur.edu.pl\/wp-content\/uploads\/2022\/07\/muzyczny-czwartek-300x45.jpg 300w, https:\/\/www.pikniknauki.ur.edu.pl\/wp-content\/uploads\/2022\/07\/muzyczny-czwartek-768x116.jpg 768w, https:\/\/www.pikniknauki.ur.edu.pl\/wp-content\/uploads\/2022\/07\/muzyczny-czwartek-1536x233.jpg 1536w, https:\/\/www.pikniknauki.ur.edu.pl\/wp-content\/uploads\/2022\/07\/muzyczny-czwartek-2048x310.jpg 2048w, https:\/\/www.pikniknauki.ur.edu.pl\/wp-content\/uploads\/2022\/07\/muzyczny-czwartek-960x145.jpg 960w\" sizes=\"auto, (max-width: 1024px) 100vw, 1024px\" \/><\/a><\/figure>\n<\/div>\n\n<div class=\"wp-block-image\">\n<figure class=\"aligncenter\"><a href=\"https:\/\/www.pikniknauki.ur.edu.pl\/index.php\/lotniczy-piatek\/\"><img loading=\"lazy\" decoding=\"async\" width=\"1024\" height=\"138\" src=\"https:\/\/www.pikniknauki.ur.edu.pl\/wp-content\/uploads\/2022\/07\/Lotniczy-piatek-1024x138.jpg\" alt=\"\" class=\"wp-image-1167\" srcset=\"https:\/\/www.pikniknauki.ur.edu.pl\/wp-content\/uploads\/2022\/07\/Lotniczy-piatek-1024x138.jpg 1024w, https:\/\/www.pikniknauki.ur.edu.pl\/wp-content\/uploads\/2022\/07\/Lotniczy-piatek-300x41.jpg 300w, https:\/\/www.pikniknauki.ur.edu.pl\/wp-content\/uploads\/2022\/07\/Lotniczy-piatek-768x104.jpg 768w, https:\/\/www.pikniknauki.ur.edu.pl\/wp-content\/uploads\/2022\/07\/Lotniczy-piatek-1536x207.jpg 1536w, https:\/\/www.pikniknauki.ur.edu.pl\/wp-content\/uploads\/2022\/07\/Lotniczy-piatek-2048x277.jpg 2048w, https:\/\/www.pikniknauki.ur.edu.pl\/wp-content\/uploads\/2022\/07\/Lotniczy-piatek-960x130.jpg 960w\" sizes=\"auto, (max-width: 1024px) 100vw, 1024px\" \/><\/a><\/figure>\n<\/div>\n\n<div class=\"wp-block-image\">\n<figure class=\"aligncenter\"><a href=\"https:\/\/www.pikniknauki.ur.edu.pl\/index.php\/pne-2022\/sobota-pelna-wrazen\/\"><img loading=\"lazy\" decoding=\"async\" width=\"1024\" height=\"158\" src=\"https:\/\/www.pikniknauki.ur.edu.pl\/wp-content\/uploads\/2022\/07\/Sobota-pelna-wrazen-1024x158.jpg\" alt=\"\" class=\"wp-image-1171\" srcset=\"https:\/\/www.pikniknauki.ur.edu.pl\/wp-content\/uploads\/2022\/07\/Sobota-pelna-wrazen-1024x158.jpg 1024w, https:\/\/www.pikniknauki.ur.edu.pl\/wp-content\/uploads\/2022\/07\/Sobota-pelna-wrazen-300x46.jpg 300w, https:\/\/www.pikniknauki.ur.edu.pl\/wp-content\/uploads\/2022\/07\/Sobota-pelna-wrazen-768x118.jpg 768w, https:\/\/www.pikniknauki.ur.edu.pl\/wp-content\/uploads\/2022\/07\/Sobota-pelna-wrazen-1536x236.jpg 1536w, https:\/\/www.pikniknauki.ur.edu.pl\/wp-content\/uploads\/2022\/07\/Sobota-pelna-wrazen-2048x315.jpg 2048w, https:\/\/www.pikniknauki.ur.edu.pl\/wp-content\/uploads\/2022\/07\/Sobota-pelna-wrazen-960x148.jpg 960w\" sizes=\"auto, (max-width: 1024px) 100vw, 1024px\" \/><\/a><\/figure>\n<\/div>\n\n<div class=\"wp-block-image\">\n<figure class=\"aligncenter\"><a href=\"https:\/\/www.pikniknauki.ur.edu.pl\/index.php\/pne-2022\/medyczna-niedziela\/\"><img loading=\"lazy\" decoding=\"async\" width=\"1024\" height=\"157\" src=\"https:\/\/www.pikniknauki.ur.edu.pl\/wp-content\/uploads\/2022\/07\/medyczna-niedziela-1024x157.jpg\" alt=\"\" class=\"wp-image-1168\" srcset=\"https:\/\/www.pikniknauki.ur.edu.pl\/wp-content\/uploads\/2022\/07\/medyczna-niedziela-1024x157.jpg 1024w, https:\/\/www.pikniknauki.ur.edu.pl\/wp-content\/uploads\/2022\/07\/medyczna-niedziela-300x46.jpg 300w, https:\/\/www.pikniknauki.ur.edu.pl\/wp-content\/uploads\/2022\/07\/medyczna-niedziela-768x118.jpg 768w, https:\/\/www.pikniknauki.ur.edu.pl\/wp-content\/uploads\/2022\/07\/medyczna-niedziela-1536x235.jpg 1536w, https:\/\/www.pikniknauki.ur.edu.pl\/wp-content\/uploads\/2022\/07\/medyczna-niedziela-2048x314.jpg 2048w, https:\/\/www.pikniknauki.ur.edu.pl\/wp-content\/uploads\/2022\/07\/medyczna-niedziela-960x147.jpg 960w\" sizes=\"auto, (max-width: 1024px) 100vw, 1024px\" \/><\/a><\/figure>\n<\/div>\n\n\n<p class=\"has-text-align-center\"><\/p>\n\n\n\n<hr class=\"wp-block-separator has-alpha-channel-opacity\"\/>\n\n\n\n<h3 class=\"wp-block-heading\"><a href=\"http:\/\/podkarpackie.eu\"><strong>Wojew\u00f3dztwo Podkarpackie<\/strong><\/a><br><strong>Tutaj co roku odbywa si\u0119 Piknik<\/strong><\/h3>\n\n\n\n<p class=\"has-text-align-center\"><iframe loading=\"lazy\" title=\"YouTube video player\" src=\"https:\/\/www.youtube.com\/embed\/1XVeXDw57WY?controls=0\" width=\"560\" height=\"315\" frameborder=\"0\" allowfullscreen=\"allowfullscreen\"><\/iframe><\/p>\n\n\n\n<hr class=\"wp-block-separator has-alpha-channel-opacity\"\/>\n\n\n\n<figure class=\"wp-block-image\"><img loading=\"lazy\" decoding=\"async\" width=\"2560\" height=\"1539\" src=\"https:\/\/www.pikniknauki.ur.edu.pl\/wp-content\/uploads\/2022\/07\/baner-na-www-ze-wszystkimi-logotypami-scaled.jpg\" alt=\"\" class=\"wp-image-1153\" srcset=\"https:\/\/www.pikniknauki.ur.edu.pl\/wp-content\/uploads\/2022\/07\/baner-na-www-ze-wszystkimi-logotypami-scaled.jpg 2560w, https:\/\/www.pikniknauki.ur.edu.pl\/wp-content\/uploads\/2022\/07\/baner-na-www-ze-wszystkimi-logotypami-300x180.jpg 300w, https:\/\/www.pikniknauki.ur.edu.pl\/wp-content\/uploads\/2022\/07\/baner-na-www-ze-wszystkimi-logotypami-1024x616.jpg 1024w, https:\/\/www.pikniknauki.ur.edu.pl\/wp-content\/uploads\/2022\/07\/baner-na-www-ze-wszystkimi-logotypami-768x462.jpg 768w, https:\/\/www.pikniknauki.ur.edu.pl\/wp-content\/uploads\/2022\/07\/baner-na-www-ze-wszystkimi-logotypami-1536x924.jpg 1536w, https:\/\/www.pikniknauki.ur.edu.pl\/wp-content\/uploads\/2022\/07\/baner-na-www-ze-wszystkimi-logotypami-2048x1231.jpg 2048w, https:\/\/www.pikniknauki.ur.edu.pl\/wp-content\/uploads\/2022\/07\/baner-na-www-ze-wszystkimi-logotypami-960x577.jpg 960w\" sizes=\"auto, (max-width: 2560px) 100vw, 2560px\" \/><\/figure>\n\n\n\n<p class=\"has-text-align-center\"><\/p>\n\n\n\n<div class=\"wp-block-buttons is-layout-flex wp-block-buttons-is-layout-flex\"><\/div>\n\n\n\n<div class=\"wp-block-buttons is-layout-flex wp-block-buttons-is-layout-flex\"><\/div>\n\n\n","protected":false},"excerpt":{"rendered":"<p>Piknik Nauki EKSPLORACJE 2022 to kolejne ju\u017c w dwunastoletniej historii rzeszowskich piknik\u00f3w naukowych wyj\u0105tkowe wydarzenie, kt\u00f3rego celem jest popularyzacja nauki w formie atrakcyjnych pokaz\u00f3w, intryguj\u0105cych warsztat\u00f3w i prezentacji.Piknik Nauki EKSPLORACJE 2022 odbywa\u0142 si\u0119 od 17 do 22 maja w kilku lokalizacjach w Rzeszowie. Wydarzenie sk\u0142ada\u0142o si\u0119 z pi\u0119ciu cz\u0119\u015bci: \u201ePreludium\u201d, b\u0119d\u0105cego uroczyst\u0105 inauguracj\u0105 Pikniku i <a href=\"https:\/\/www.pikniknauki.ur.edu.pl\/index.php\/historia-2010-2021\/pne-2022\/\" class=\"more-link\">Czytaj dalej...<span class=\"screen-reader-text\"> \"PNE 2022\"<\/span><\/a><\/p>\n","protected":false},"author":1,"featured_media":0,"parent":1316,"menu_order":0,"comment_status":"closed","ping_status":"closed","template":"page-templates\/full-width.php","meta":{"footnotes":""},"class_list":["post-966","page","type-page","status-publish","h-entry","hentry","h-as-page"],"_links":{"self":[{"href":"https:\/\/www.pikniknauki.ur.edu.pl\/index.php\/wp-json\/wp\/v2\/pages\/966","targetHints":{"allow":["GET"]}}],"collection":[{"href":"https:\/\/www.pikniknauki.ur.edu.pl\/index.php\/wp-json\/wp\/v2\/pages"}],"about":[{"href":"https:\/\/www.pikniknauki.ur.edu.pl\/index.php\/wp-json\/wp\/v2\/types\/page"}],"author":[{"embeddable":true,"href":"https:\/\/www.pikniknauki.ur.edu.pl\/index.php\/wp-json\/wp\/v2\/users\/1"}],"replies":[{"embeddable":true,"href":"https:\/\/www.pikniknauki.ur.edu.pl\/index.php\/wp-json\/wp\/v2\/comments?post=966"}],"version-history":[{"count":41,"href":"https:\/\/www.pikniknauki.ur.edu.pl\/index.php\/wp-json\/wp\/v2\/pages\/966\/revisions"}],"predecessor-version":[{"id":1305,"href":"https:\/\/www.pikniknauki.ur.edu.pl\/index.php\/wp-json\/wp\/v2\/pages\/966\/revisions\/1305"}],"up":[{"embeddable":true,"href":"https:\/\/www.pikniknauki.ur.edu.pl\/index.php\/wp-json\/wp\/v2\/pages\/1316"}],"wp:attachment":[{"href":"https:\/\/www.pikniknauki.ur.edu.pl\/index.php\/wp-json\/wp\/v2\/media?parent=966"}],"curies":[{"name":"wp","href":"https:\/\/api.w.org\/{rel}","templated":true}]}}